{"id":1491,"date":"2020-10-02T15:41:06","date_gmt":"2020-10-02T18:41:06","guid":{"rendered":"http:\/\/www.bertprev.sp.gov.br\/?page_id=1491"},"modified":"2025-07-01T09:06:44","modified_gmt":"2025-07-01T12:06:44","slug":"recadastramento-pensionista-a-partir-de-2013-por-procurador","status":"publish","type":"page","link":"https:\/\/www.bertprev.sp.gov.br\/index.php\/recadastramento-pensionista-a-partir-de-2013-por-procurador\/","title":{"rendered":"RECADASTRAMENTO PENSIONISTA A PARTIR DE 2013 &#8211; POR PROCURADOR"},"content":{"rendered":"<div class=\"penci-page-header\">\n<h1 class=\"entry-title\"><strong style=\"font-size: 14px; font-family: 'PT Serif', serif;\">Declara\u00e7\u00f5es para benef\u00edcios concedidos a partir de 20\/07\/2013<\/strong><\/h1>\n<\/div>\n<div class=\"post-entry blockquote-style-1\">\n<div class=\"inner-post-entry entry-content\">\n<p><a href=\"https:\/\/www.bertprev.sp.gov.br\/arquivos\/previdencia\/recadastramento\/pensionista-proc\/2013\/mod14p-29-06.pdf\">Declara\u00e7\u00e3o c\u00f4njuge<\/a><\/p>\n<p><a href=\"https:\/\/www.bertprev.sp.gov.br\/arquivos\/previdencia\/recadastramento\/pensionista-proc\/2013\/mod15p-29-06.pdf\">Declara\u00e7\u00e3o companheiro<\/a><\/p>\n<p><a href=\"https:\/\/www.bertprev.sp.gov.br\/arquivos\/previdencia\/recadastramento\/pensionista-proc\/2013\/mod16p-29-06.pdf\">Declara\u00e7\u00e3o pais<\/a><\/p>\n<p><a href=\"https:\/\/www.bertprev.sp.gov.br\/arquivos\/previdencia\/recadastramento\/pensionista-proc\/2013\/mod17p-29-06.pdf\">Declara\u00e7\u00e3o filho<\/a><\/p>\n<p><a href=\"https:\/\/www.bertprev.sp.gov.br\/arquivos\/previdencia\/recadastramento\/pensionista-proc\/2013\/mod18p-29-06.pdf\">Declara\u00e7\u00e3o filho inv\u00e1lido<\/a><\/p>\n<p><a href=\"https:\/\/www.bertprev.sp.gov.br\/arquivos\/previdencia\/recadastramento\/pensionista-proc\/2013\/mod19p-29-06.pdf\">Declara\u00e7\u00e3o\u00a0enteado<\/a><\/p>\n<p><a href=\"https:\/\/www.bertprev.sp.gov.br\/arquivos\/previdencia\/recadastramento\/pensionista-proc\/2013\/mod20p-29-06.pdf\">Declara\u00e7\u00e3o enteado inv\u00e1lido<\/a><\/p>\n<p><a href=\"https:\/\/www.bertprev.sp.gov.br\/arquivos\/previdencia\/recadastramento\/pensionista-proc\/2013\/mod21p-29-06.pdf\">Declara\u00e7\u00e3o irm\u00e3o<\/a><\/p>\n<p><a href=\"https:\/\/www.bertprev.sp.gov.br\/arquivos\/previdencia\/recadastramento\/pensionista-proc\/2013\/mod22p-29-06.pdf\">Declara\u00e7\u00e3o irm\u00e3o inv\u00e1lido<\/a><\/p>\n<\/div>\n<\/div>\n","protected":false},"excerpt":{"rendered":"<p>Declara\u00e7\u00f5es para benef\u00edcios concedidos a partir de 20\/07\/2013 Declara\u00e7\u00e3o c\u00f4njuge Declara\u00e7\u00e3o companheiro Declara\u00e7\u00e3o pais Declara\u00e7\u00e3o filho Declara\u00e7\u00e3o filho inv\u00e1lido Declara\u00e7\u00e3o\u00a0enteado Declara\u00e7\u00e3o enteado inv\u00e1lido Declara\u00e7\u00e3o irm\u00e3o Declara\u00e7\u00e3o irm\u00e3o inv\u00e1lido<\/p>\n","protected":false},"author":1,"featured_media":0,"parent":0,"menu_order":0,"comment_status":"closed","ping_status":"closed","template":"","meta":{"footnotes":""},"class_list":["post-1491","page","type-page","status-publish","hentry"],"_links":{"self":[{"href":"https:\/\/www.bertprev.sp.gov.br\/index.php\/wp-json\/wp\/v2\/pages\/1491","targetHints":{"allow":["GET"]}}],"collection":[{"href":"https:\/\/www.bertprev.sp.gov.br\/index.php\/wp-json\/wp\/v2\/pages"}],"about":[{"href":"https:\/\/www.bertprev.sp.gov.br\/index.php\/wp-json\/wp\/v2\/types\/page"}],"author":[{"embeddable":true,"href":"https:\/\/www.bertprev.sp.gov.br\/index.php\/wp-json\/wp\/v2\/users\/1"}],"replies":[{"embeddable":true,"href":"https:\/\/www.bertprev.sp.gov.br\/index.php\/wp-json\/wp\/v2\/comments?post=1491"}],"version-history":[{"count":14,"href":"https:\/\/www.bertprev.sp.gov.br\/index.php\/wp-json\/wp\/v2\/pages\/1491\/revisions"}],"predecessor-version":[{"id":7271,"href":"https:\/\/www.bertprev.sp.gov.br\/index.php\/wp-json\/wp\/v2\/pages\/1491\/revisions\/7271"}],"wp:attachment":[{"href":"https:\/\/www.bertprev.sp.gov.br\/index.php\/wp-json\/wp\/v2\/media?parent=1491"}],"curies":[{"name":"wp","href":"https:\/\/api.w.org\/{rel}","templated":true}]}}